{"id":511,"date":"2024-12-12T13:49:09","date_gmt":"2024-12-12T12:49:09","guid":{"rendered":"https:\/\/web382.andrea.webhoster.ag\/wordpress\/?page_id=511"},"modified":"2026-03-10T09:57:20","modified_gmt":"2026-03-10T08:57:20","slug":"bildung","status":"publish","type":"page","link":"https:\/\/ahrenvioelfeld.de\/wordpress\/bildung\/","title":{"rendered":"Bildung"},"content":{"rendered":"\n<style type=\"text\/css\" data-created_by=\"avia_inline_auto\" id=\"style-css-av-m4lbbctk-653826ec36d07b13fcb0feda568e0a7d\">\n#top .av-special-heading.av-m4lbbctk-653826ec36d07b13fcb0feda568e0a7d{\npadding-bottom:10px;\n}\nbody .av-special-heading.av-m4lbbctk-653826ec36d07b13fcb0feda568e0a7d .av-special-heading-tag .heading-char{\nfont-size:25px;\n}\n.av-special-heading.av-m4lbbctk-653826ec36d07b13fcb0feda568e0a7d .av-subheading{\nfont-size:15px;\n}\n<\/style>\n<div  class='av-special-heading av-m4lbbctk-653826ec36d07b13fcb0feda568e0a7d av-special-heading-h3  avia-builder-el-0  el_before_av_one_half  avia-builder-el-first '><h3 class='av-special-heading-tag '  itemprop=\"headline\"  >Kindergarten<\/h3><div class=\"special-heading-border\"><div class=\"special-heading-inner-border\"><\/div><\/div><\/div>\n<div  class='flex_column av-2s28y7-a681bcec8b838c1b5621a6e29a21b4d1 av_one_half  avia-builder-el-1  el_after_av_heading  el_before_av_one_half  first flex_column_div  '     ><p><section  class='av_textblock_section av-2mbbvj-b05f939bc6debe8a02ad1f71ad8fbb04 '   itemscope=\"itemscope\" itemtype=\"https:\/\/schema.org\/CreativeWork\" ><div class='avia_textblock'  itemprop=\"text\" ><p><a href=\"https:\/\/ahrenvioel.de\/kindergarten\/\" target=\"_blank\" rel=\"noopener\">Kindergarten Ahrenvi\u00f6l<\/a><\/p>\n<\/div><\/section><br \/>\n<section  class='av_textblock_section av-m4txyyrp-99853a18bf7361bae00eec47cd09cac4 '   itemscope=\"itemscope\" itemtype=\"https:\/\/schema.org\/CreativeWork\" ><div class='avia_textblock'  itemprop=\"text\" ><p>Der Kindergarten in Ahrenvi\u00f6l wird in Zusammenarbeit mit der Gemeinde Ahrenvi\u00f6lfeld betrieben. Deshalb k\u00f6nnen Kinder aus Ahrenvi\u00f6lfeld im Kindergarten Ahrenvi\u00f6l untergebracht werden.<\/p>\n<\/div><\/section><\/p><\/div>\n<div  class='flex_column av-8egif-ed673c68eb9246a7e04f7ad92f5f794e av_one_half  avia-builder-el-4  el_after_av_one_half  el_before_av_section  avia-builder-el-last  flex_column_div  '     ><style type=\"text\/css\" data-created_by=\"avia_inline_auto\" id=\"style-css-av-83mun-5140476a32fbb4fda9392f5ddbc63deb\">\n.avia-image-container.av-83mun-5140476a32fbb4fda9392f5ddbc63deb img.avia_image{\nbox-shadow:none;\n}\n.avia-image-container.av-83mun-5140476a32fbb4fda9392f5ddbc63deb .av-image-caption-overlay-center{\ncolor:#ffffff;\n}\n<\/style>\n<div  class='avia-image-container av-83mun-5140476a32fbb4fda9392f5ddbc63deb av-styling- avia-align-left  avia-builder-el-5  avia-builder-el-no-sibling '   itemprop=\"image\" itemscope=\"itemscope\" itemtype=\"https:\/\/schema.org\/ImageObject\" ><div class=\"avia-image-container-inner\"><div class=\"avia-image-overlay-wrap\"><img decoding=\"async\" fetchpriority=\"high\" class='wp-image-512 avia-img-lazy-loading-not-512 avia_image ' src=\"https:\/\/ahrenvioelfeld.de\/wordpress\/wp-content\/uploads\/2024\/12\/kindergarten-300x200.jpg\" alt='' title='kindergarten'  height=\"200\" width=\"300\"  itemprop=\"thumbnailUrl\" srcset=\"https:\/\/ahrenvioelfeld.de\/wordpress\/wp-content\/uploads\/2024\/12\/kindergarten-300x200.jpg 300w, https:\/\/ahrenvioelfeld.de\/wordpress\/wp-content\/uploads\/2024\/12\/kindergarten-1030x687.jpg 1030w, https:\/\/ahrenvioelfeld.de\/wordpress\/wp-content\/uploads\/2024\/12\/kindergarten-768x512.jpg 768w, https:\/\/ahrenvioelfeld.de\/wordpress\/wp-content\/uploads\/2024\/12\/kindergarten-1536x1024.jpg 1536w, https:\/\/ahrenvioelfeld.de\/wordpress\/wp-content\/uploads\/2024\/12\/kindergarten-1500x1000.jpg 1500w, https:\/\/ahrenvioelfeld.de\/wordpress\/wp-content\/uploads\/2024\/12\/kindergarten-705x470.jpg 705w, https:\/\/ahrenvioelfeld.de\/wordpress\/wp-content\/uploads\/2024\/12\/kindergarten.jpg 1920w\" sizes=\"(max-width: 300px) 100vw, 300px\" \/><\/div><\/div><\/div><\/div>\n<\/div><\/div><\/div><!-- close content main div --><\/div><\/div>\n<style type=\"text\/css\" data-created_by=\"avia_inline_auto\" id=\"style-css-av-m4lbf4li-c451721483e65e1f91799314cedef366\">\n.avia-section.av-m4lbf4li-c451721483e65e1f91799314cedef366 .av-parallax .av-parallax-inner{\nbackground-repeat:no-repeat;\nbackground-image:url(https:\/\/ahrenvioelfeld.de\/wordpress\/wp-content\/uploads\/2024\/12\/kindergarten-hintergrund.jpg);\nbackground-position:0% 0%;\nbackground-attachment:scroll;\n}\n<\/style>\n<div id='av_section_1'  class='avia-section av-m4lbf4li-c451721483e65e1f91799314cedef366 main_color avia-section-default avia-no-border-styling  avia-builder-el-6  el_after_av_one_half  el_before_av_one_half  av-parallax-section avia-bg-style-parallax av-minimum-height av-minimum-height-25 av-height-25  container_wrap sidebar_right'  data-section-bg-repeat='no-repeat' data-av_minimum_height_pc='25' data-av_min_height_opt='25'><div class='av-parallax' data-avia-parallax-ratio='0.3' ><div class='av-parallax-inner main_color avia-full-stretch'><\/div><\/div><div class='container av-section-cont-open' ><div class='template-page content  av-content-small alpha units'><div class='post-entry post-entry-type-page post-entry-511'><div class='entry-content-wrapper clearfix'><\/div><\/div><\/div><!-- close content main div --><\/div><\/div><div id='after_section_1'  class='main_color av_default_container_wrap container_wrap sidebar_right'  ><div class='container av-section-cont-open' ><div class='template-page content  av-content-small alpha units'><div class='post-entry post-entry-type-page post-entry-511'><div class='entry-content-wrapper clearfix'>\n<div  class='flex_column av-20ahfr-4c80be9e8117bcbcddfb5a9afb0a8e86 av_one_half  avia-builder-el-7  el_after_av_section  el_before_av_one_half  avia-builder-el-first  first flex_column_div  '     ><p>\n<style type=\"text\/css\" data-created_by=\"avia_inline_auto\" id=\"style-css-av-6umhb-82d58a5057a28dfd954eb331af0ba5e4\">\n#top .av-special-heading.av-6umhb-82d58a5057a28dfd954eb331af0ba5e4{\npadding-bottom:10px;\n}\nbody .av-special-heading.av-6umhb-82d58a5057a28dfd954eb331af0ba5e4 .av-special-heading-tag .heading-char{\nfont-size:25px;\n}\n.av-special-heading.av-6umhb-82d58a5057a28dfd954eb331af0ba5e4 .av-subheading{\nfont-size:15px;\n}\n<\/style>\n<div  class='av-special-heading av-6umhb-82d58a5057a28dfd954eb331af0ba5e4 av-special-heading-h3  avia-builder-el-8  el_before_av_textblock  avia-builder-el-first '><h3 class='av-special-heading-tag '  itemprop=\"headline\"  >Schulen<\/h3><div class=\"special-heading-border\"><div class=\"special-heading-inner-border\"><\/div><\/div><\/div><br \/>\n<section  class='av_textblock_section av-1q5d5b-676eea6b3cf61b817548f115854bbd22 '   itemscope=\"itemscope\" itemtype=\"https:\/\/schema.org\/CreativeWork\" ><div class='avia_textblock'  itemprop=\"text\" ><p><a href=\"https:\/\/www.gs-ohrstedt.de\/\" target=\"_blank\" rel=\"noopener\">Grundschule Ohrstedt<\/a><\/p>\n<\/div><\/section><br \/>\n<section  class='av_textblock_section av-1jm73j-de8f0ac14ac27803ef47247eab0fb0a2 '   itemscope=\"itemscope\" itemtype=\"https:\/\/schema.org\/CreativeWork\" ><div class='avia_textblock'  itemprop=\"text\" ><p><a href=\"https:\/\/www.gems-voh.de\/\" target=\"_blank\" rel=\"noopener\">Gemeinschaftsschule Vi\u00f6l &#8211; Ohrstedt &#8211; Haselund<\/a><\/p>\n<\/div><\/section><br \/>\n<section  class='av_textblock_section av-1emy5z-f52366c3371e514222fd09bcdc67998c '   itemscope=\"itemscope\" itemtype=\"https:\/\/schema.org\/CreativeWork\" ><div class='avia_textblock'  itemprop=\"text\" ><p><a href=\"https:\/\/gsn-husum.de\/\" target=\"_blank\" rel=\"noopener\">Gemeinschaftsschule Husum Nord<\/a><\/p>\n<\/div><\/section><br \/>\n<section  class='av_textblock_section av-1ad7fz-bb47c59ef3a730d878687855f59442d6 '   itemscope=\"itemscope\" itemtype=\"https:\/\/schema.org\/CreativeWork\" ><div class='avia_textblock'  itemprop=\"text\" ><p><a href=\"https:\/\/welcome.hts-husum.de\/startseite\" target=\"_blank\" rel=\"noopener\">Hermann-Tast-Schule (Gymnasium)<\/a><\/p>\n<\/div><\/section><br \/>\n<section  class='av_textblock_section av-13lxq7-f05e5af9f38a508d3eb479a46fc042e9 '   itemscope=\"itemscope\" itemtype=\"https:\/\/schema.org\/CreativeWork\" ><div class='avia_textblock'  itemprop=\"text\" ><p><a href=\"https:\/\/tss-husum.lernnetz.de\/unsere-schule.html\" target=\"_blank\" rel=\"noopener\">Theodor Storm Schule (Gymnasium)<\/a><\/p>\n<\/div><\/section><br \/>\n<section  class='av_textblock_section av-w96v3-8b1dfdd27d01f232bf59798e2a8e994e '   itemscope=\"itemscope\" itemtype=\"https:\/\/schema.org\/CreativeWork\" ><div class='avia_textblock'  itemprop=\"text\" ><p><a href=\"https:\/\/www.bs-husum.de\" target=\"_blank\" rel=\"noopener\">Berufliche Schule Husum<\/a><\/p>\n<\/div><\/section><br \/>\n<section  class='av_textblock_section av-t96qv-d4ade64b0f3a5df6d81a7ec77f170458 '   itemscope=\"itemscope\" itemtype=\"https:\/\/schema.org\/CreativeWork\" ><div class='avia_textblock'  itemprop=\"text\" ><p><a href=\"https:\/\/vhs-husum.de\/\" target=\"_blank\" rel=\"noopener\">Volkshochschule Husum<\/a><\/p>\n<\/div><\/section><br \/>\n<section  class='av_textblock_section av-lf6qn-e25541a4e0ac5565eef6cd2d09700a32 '   itemscope=\"itemscope\" itemtype=\"https:\/\/schema.org\/CreativeWork\" ><div class='avia_textblock'  itemprop=\"text\" ><p><a href=\"https:\/\/www.avhs-vioel.de\/\" target=\"_blank\" rel=\"noopener\">Amtsvolkshochschule Vi\u00f6l<\/a><\/p>\n<\/div><\/section><\/p><\/div><div  class='flex_column av-ejmpb-16089424356bd9faef646975fa59fb66 av_one_half  avia-builder-el-17  el_after_av_one_half  el_before_av_hr  flex_column_div  '     ><p>\n<style type=\"text\/css\" data-created_by=\"avia_inline_auto\" id=\"style-css-av-m4lalls7-2eec42699eb774ad3f707de904b3d6cf\">\n.avia-image-container.av-m4lalls7-2eec42699eb774ad3f707de904b3d6cf img.avia_image{\nbox-shadow:none;\n}\n.avia-image-container.av-m4lalls7-2eec42699eb774ad3f707de904b3d6cf .av-image-caption-overlay-center{\ncolor:#ffffff;\n}\n<\/style>\n<div  class='avia-image-container av-m4lalls7-2eec42699eb774ad3f707de904b3d6cf av-styling- avia-align-left  avia-builder-el-18  el_before_av_hr  avia-builder-el-first '   itemprop=\"image\" itemscope=\"itemscope\" itemtype=\"https:\/\/schema.org\/ImageObject\" ><div class=\"avia-image-container-inner\"><div class=\"avia-image-overlay-wrap\"><img decoding=\"async\" fetchpriority=\"high\" class='wp-image-514 avia-img-lazy-loading-not-514 avia_image ' src=\"https:\/\/ahrenvioelfeld.de\/wordpress\/wp-content\/uploads\/2024\/12\/Fahrbuecherei-300x163.jpg\" alt='' title='Fahrbuecherei'  height=\"163\" width=\"300\"  itemprop=\"thumbnailUrl\" srcset=\"https:\/\/ahrenvioelfeld.de\/wordpress\/wp-content\/uploads\/2024\/12\/Fahrbuecherei-300x163.jpg 300w, https:\/\/ahrenvioelfeld.de\/wordpress\/wp-content\/uploads\/2024\/12\/Fahrbuecherei.jpg 681w\" sizes=\"(max-width: 300px) 100vw, 300px\" \/><\/div><\/div><\/div><br \/>\n<div  class='hr av-351r-2e67395bde3fdf4adf72caf7eb2fd7b1 hr-default  avia-builder-el-19  el_after_av_image  el_before_av_textblock '><span class='hr-inner '><span class=\"hr-inner-style\"><\/span><\/span><\/div><br \/>\n<section  class='av_textblock_section av-m4lai36n-e9e836eb3ba7c59da6b482dc552af15f '   itemscope=\"itemscope\" itemtype=\"https:\/\/schema.org\/CreativeWork\" ><div class='avia_textblock'  itemprop=\"text\" ><p><a href=\"https:\/\/www.fahrbuecherei5.de\/aktuelles\/wir-haben-herbstferien\" target=\"_blank\" rel=\"noopener\">Fahrb\u00fccherei<\/a><\/p>\n<\/div><\/section><br \/>\n<section  class='av_textblock_section av-m4lb8woy-a50e8a92b53f266f1475049e52c9faf5 '   itemscope=\"itemscope\" itemtype=\"https:\/\/schema.org\/CreativeWork\" ><div class='avia_textblock'  itemprop=\"text\" ><p><a href=\"https:\/\/fahrplan.bz-sh.de\/ergebnisse?query=&#038;drivingLibrary=3\" target=\"_blank\" rel=\"noopener\">Fahrb\u00fccherei Fahrplan<\/a><\/p>\n<\/div><\/section><\/p><\/div><\/p>\n<div  class='hr av-g9uo7-b41a1631596e994a1d07eef0841d0022 hr-default  avia-builder-el-22  el_after_av_one_half  el_before_av_one_half '><span class='hr-inner '><span class=\"hr-inner-style\"><\/span><\/span><\/div>\n<div  class='flex_column av-7zl0n-1d22728de65e757569727202ce427a37 av_one_half  avia-builder-el-23  el_after_av_hr  el_before_av_one_half  first flex_column_div  '     ><p>\n<style type=\"text\/css\" data-created_by=\"avia_inline_auto\" id=\"style-css-av-m4lchljt-d978a046bf014ae5a83fe7cb532856ae\">\n#top .av-special-heading.av-m4lchljt-d978a046bf014ae5a83fe7cb532856ae{\npadding-bottom:10px;\n}\nbody .av-special-heading.av-m4lchljt-d978a046bf014ae5a83fe7cb532856ae .av-special-heading-tag .heading-char{\nfont-size:25px;\n}\n.av-special-heading.av-m4lchljt-d978a046bf014ae5a83fe7cb532856ae .av-subheading{\nfont-size:15px;\n}\n<\/style>\n<div  class='av-special-heading av-m4lchljt-d978a046bf014ae5a83fe7cb532856ae av-special-heading-h3  avia-builder-el-24  el_before_av_textblock  avia-builder-el-first '><h3 class='av-special-heading-tag '  itemprop=\"headline\"  >Schwimmbad Ohrstedt<\/h3><div class=\"special-heading-border\"><div class=\"special-heading-inner-border\"><\/div><\/div><\/div><br \/>\n<section  class='av_textblock_section av-m4lclzmd-3fc3c9d8798d6627473ebeee8352a15b '   itemscope=\"itemscope\" itemtype=\"https:\/\/schema.org\/CreativeWork\" ><div class='avia_textblock'  itemprop=\"text\" ><p>Zum Schulzentrum Ohrstedt geh\u00f6rt ein beheiztes Freibad, das mit Hilfe von ehrenamtlichen Rettungsschwimmern betrieben wird.<\/p>\n<p>Ge\u00f6ffnet ist das Freibad von Mai bis September, je nach Wetterlage. Bei Temperaturen unter 18\u00b0 Au\u00dfentemperatur bleibt das Schwimmbad in der Regel geschlossen.<\/p>\n<p>Eine Biogasanlage von Wester-Ohrstedt sorgt f\u00fcr eine angenehme Wassertemperatur.<\/p>\n<p>Viel Spa\u00df in unserem Freibad!<\/p>\n<\/div><\/section><\/p><\/div>\n<div  class='flex_column av-7n5hj-efa345fb9dedd8fd45f9a460bffd7084 av_one_half  avia-builder-el-26  el_after_av_one_half  avia-builder-el-last  flex_column_div  '     ><style type=\"text\/css\" data-created_by=\"avia_inline_auto\" id=\"style-css-av-m4lci6cv-5b1a6e4375d492655cd8a4a5ea7b6196\">\n.avia-image-container.av-m4lci6cv-5b1a6e4375d492655cd8a4a5ea7b6196 img.avia_image{\nbox-shadow:none;\n}\n.avia-image-container.av-m4lci6cv-5b1a6e4375d492655cd8a4a5ea7b6196 .av-image-caption-overlay-center{\ncolor:#ffffff;\n}\n<\/style>\n<div  class='avia-image-container av-m4lci6cv-5b1a6e4375d492655cd8a4a5ea7b6196 av-styling- avia-align-left  avia-builder-el-27  avia-builder-el-no-sibling '   itemprop=\"image\" itemscope=\"itemscope\" itemtype=\"https:\/\/schema.org\/ImageObject\" ><div class=\"avia-image-container-inner\"><div class=\"avia-image-overlay-wrap\"><img decoding=\"async\" fetchpriority=\"high\" class='wp-image-538 avia-img-lazy-loading-not-538 avia_image ' src=\"https:\/\/ahrenvioelfeld.de\/wordpress\/wp-content\/uploads\/2024\/12\/schwimmbad1-300x300.jpg\" alt='' title='schwimmbad1'  height=\"300\" width=\"300\"  itemprop=\"thumbnailUrl\" srcset=\"https:\/\/ahrenvioelfeld.de\/wordpress\/wp-content\/uploads\/2024\/12\/schwimmbad1-300x300.jpg 300w, https:\/\/ahrenvioelfeld.de\/wordpress\/wp-content\/uploads\/2024\/12\/schwimmbad1-1030x1030.jpg 1030w, https:\/\/ahrenvioelfeld.de\/wordpress\/wp-content\/uploads\/2024\/12\/schwimmbad1-80x80.jpg 80w, https:\/\/ahrenvioelfeld.de\/wordpress\/wp-content\/uploads\/2024\/12\/schwimmbad1-768x768.jpg 768w, https:\/\/ahrenvioelfeld.de\/wordpress\/wp-content\/uploads\/2024\/12\/schwimmbad1-1536x1536.jpg 1536w, https:\/\/ahrenvioelfeld.de\/wordpress\/wp-content\/uploads\/2024\/12\/schwimmbad1-36x36.jpg 36w, https:\/\/ahrenvioelfeld.de\/wordpress\/wp-content\/uploads\/2024\/12\/schwimmbad1-180x180.jpg 180w, https:\/\/ahrenvioelfeld.de\/wordpress\/wp-content\/uploads\/2024\/12\/schwimmbad1-1500x1500.jpg 1500w, https:\/\/ahrenvioelfeld.de\/wordpress\/wp-content\/uploads\/2024\/12\/schwimmbad1-705x705.jpg 705w, https:\/\/ahrenvioelfeld.de\/wordpress\/wp-content\/uploads\/2024\/12\/schwimmbad1.jpg 1920w\" sizes=\"(max-width: 300px) 100vw, 300px\" \/><\/div><\/div><\/div><\/div>\n","protected":false},"excerpt":{"rendered":"","protected":false},"author":1,"featured_media":0,"parent":0,"menu_order":0,"comment_status":"closed","ping_status":"closed","template":"","meta":{"footnotes":""},"class_list":["post-511","page","type-page","status-publish","hentry"],"_links":{"self":[{"href":"https:\/\/ahrenvioelfeld.de\/wordpress\/wp-json\/wp\/v2\/pages\/511","targetHints":{"allow":["GET"]}}],"collection":[{"href":"https:\/\/ahrenvioelfeld.de\/wordpress\/wp-json\/wp\/v2\/pages"}],"about":[{"href":"https:\/\/ahrenvioelfeld.de\/wordpress\/wp-json\/wp\/v2\/types\/page"}],"author":[{"embeddable":true,"href":"https:\/\/ahrenvioelfeld.de\/wordpress\/wp-json\/wp\/v2\/users\/1"}],"replies":[{"embeddable":true,"href":"https:\/\/ahrenvioelfeld.de\/wordpress\/wp-json\/wp\/v2\/comments?post=511"}],"version-history":[{"count":11,"href":"https:\/\/ahrenvioelfeld.de\/wordpress\/wp-json\/wp\/v2\/pages\/511\/revisions"}],"predecessor-version":[{"id":1030,"href":"https:\/\/ahrenvioelfeld.de\/wordpress\/wp-json\/wp\/v2\/pages\/511\/revisions\/1030"}],"wp:attachment":[{"href":"https:\/\/ahrenvioelfeld.de\/wordpress\/wp-json\/wp\/v2\/media?parent=511"}],"curies":[{"name":"wp","href":"https:\/\/api.w.org\/{rel}","templated":true}]}}