{"id":338,"date":"2024-12-11T15:34:58","date_gmt":"2024-12-11T14:34:58","guid":{"rendered":"https:\/\/web382.andrea.webhoster.ag\/wordpress\/?page_id=338"},"modified":"2025-01-24T16:48:29","modified_gmt":"2025-01-24T15:48:29","slug":"der-buergerweindpark-i","status":"publish","type":"page","link":"https:\/\/ahrenvioelfeld.de\/wordpress\/der-buergerweindpark-i\/","title":{"rendered":"Der B\u00fcrgerwindpark I"},"content":{"rendered":"\n<style type=\"text\/css\" data-created_by=\"avia_inline_auto\" id=\"style-css-av-m4iob6sx-d6aff2907f4935751f332164af88ff40\">\n#top .av-special-heading.av-m4iob6sx-d6aff2907f4935751f332164af88ff40{\npadding-bottom:10px;\n}\nbody .av-special-heading.av-m4iob6sx-d6aff2907f4935751f332164af88ff40 .av-special-heading-tag .heading-char{\nfont-size:25px;\n}\n.av-special-heading.av-m4iob6sx-d6aff2907f4935751f332164af88ff40 .av-subheading{\nfont-size:15px;\n}\n<\/style>\n<div  class='av-special-heading av-m4iob6sx-d6aff2907f4935751f332164af88ff40 av-special-heading-h3  avia-builder-el-0  el_before_av_section  avia-builder-el-no-sibling '><h3 class='av-special-heading-tag '  itemprop=\"headline\"  >Der erste B\u00fcrgerwindpark<\/h3><div class=\"special-heading-border\"><div class=\"special-heading-inner-border\"><\/div><\/div><\/div>\n<\/div><\/div><\/div><!-- close content main div --><\/div><\/div>\n<style type=\"text\/css\" data-created_by=\"avia_inline_auto\" id=\"style-css-av-m4u14d30-a1e4dac2e65c69c0316c59d04a0219bf\">\n.avia-section.av-m4u14d30-a1e4dac2e65c69c0316c59d04a0219bf .av-parallax .av-parallax-inner{\nbackground-repeat:no-repeat;\nbackground-image:url(https:\/\/ahrenvioelfeld.de\/wordpress\/wp-content\/uploads\/2024\/12\/Bilder-Moor_0005-e1734450442738.jpg);\nbackground-position:50% 50%;\nbackground-attachment:scroll;\n}\n<\/style>\n<div id='av_section_1'  class='avia-section av-m4u14d30-a1e4dac2e65c69c0316c59d04a0219bf main_color avia-section-default avia-no-border-styling  avia-builder-el-1  el_after_av_heading  el_before_av_three_fourth  av-parallax-section avia-bg-style-parallax av-minimum-height av-minimum-height-50 av-height-50  container_wrap sidebar_right'  data-section-bg-repeat='no-repeat' data-av_minimum_height_pc='50' data-av_min_height_opt='50'><div class='av-parallax' data-avia-parallax-ratio='0.3' ><div class='av-parallax-inner main_color avia-full-stretch'><\/div><\/div><div class='container av-section-cont-open' ><div class='template-page content  av-content-small alpha units'><div class='post-entry post-entry-type-page post-entry-338'><div class='entry-content-wrapper clearfix'><\/div><\/div><\/div><!-- close content main div --><\/div><\/div><div id='after_section_1'  class='main_color av_default_container_wrap container_wrap sidebar_right'  ><div class='container av-section-cont-open' ><div class='template-page content  av-content-small alpha units'><div class='post-entry post-entry-type-page post-entry-338'><div class='entry-content-wrapper clearfix'>\n<div  class='flex_column av-1afk2-fe8b6c89bb00aa7a2ce1e95ede40524a av_three_fourth  avia-builder-el-2  el_after_av_section  el_before_av_one_fourth  avia-builder-el-first  first flex_column_div  '     ><p><section  class='av_textblock_section av-m4io5f43-173c605cc495c4c0aaec062d0560b191 '   itemscope=\"itemscope\" itemtype=\"https:\/\/schema.org\/CreativeWork\" ><div class='avia_textblock'  itemprop=\"text\" ><p>Bereits im Jahre 1993 wurden Windeignungsfl\u00e4chen vom Land Schleswig-Holstein ausgewiesen. In Ahrenvi\u00f6lfeld wurden zwei Fl\u00e4chen ausgewiesen, eine kleinere Fl\u00e4che s\u00fcdlich von Johannes Lamp und eine Fl\u00e4che westlich des Postweges zwischen dem S\u00fcderweg und der Hauptstra\u00dfe Richtung Ahrenvi\u00f6l.<\/p>\n<p>Es hie\u00df, dass nur die Gemeinde die Planungshoheit dieser ausgewiesenen Fl\u00e4chen habe und Windm\u00fchlen nur mit Genehmigung der Gemeinde aufgestellt werden k\u00f6nnten. Ab 1997 trat aber die Privilegierung der Windeignungsfl\u00e4chen in Kraft. Bis Ende 1998 h\u00e4tte man diese Fl\u00e4chen durch die Gemeinde reduzieren oder sogar streichen k\u00f6nnen.<\/p>\n<p>Da die Gemeinde Oster-Ohrstedt ihre Fl\u00e4che s\u00fcdlich von J. Lamp streichen lie\u00df, wurde auch die kleine Fl\u00e4che auf Ahrenvi\u00f6lfelder Gebiet gestrichen. Die verbleibende Fl\u00e4che h\u00e4tte man durch die Gemeinde \u00fcberplanen k\u00f6nnen, dieses war aber von der Gemeindevertretung mehrheitlich nicht gewollt. \u00dcber diesen Zustand konnte man als B\u00fcrgermeister nicht gerade gl\u00fccklich sein, denn auf dieser verbleibenden Fl\u00e4che konnten jetzt M\u00fchlen aufgestellt werden, ohne ein Mitspracherecht der Gemeinde.<\/p>\n<p>Bis zum Februar 2001 herrschte in Sachen Windpark Ruhe, und es gab keine Anfragen auf die Windfindungsfl\u00e4che. Nachdem aber dann mehrere ausw\u00e4rtige B\u00fcrger sich im M\u00e4rz 2001 in der Gemeindevertretersitzung vorstellten und diese Interessenten auch noch in einem Zeitungsartikel erw\u00e4hnt wurden, war es pl\u00f6tzlich mit der Ruhe vorbei. Die Anrufe h\u00e4uften sich, und jeder wollte unser Bestes \u2013 entweder einen Windpark erstellen oder sich an einem Windpark beteiligen. Nachdem wir uns beim Kreis Nordfriesland erkundigten, wie die Gemeinde verhindern konnte, dass ausw\u00e4rtige Geldanleger einen Windpark erstellen, wurde uns der Bescheid gegeben, dass dies nur mit einem Aufstellungsbeschluss eines Bebauungsplanes geschehen k\u00f6nne. Man k\u00f6nne nicht mehr den Windpark selbst verhindern, aber die Abst\u00e4nde, die Nabenh\u00f6he, die Anzahl und Gr\u00f6\u00dfe und somit die Wirtschaftlichkeit beeinflussen. Beide Gemeinden, Ahrenvi\u00f6l und Ahrenvi\u00f6lfeld, verabschiedeten schnell einen Aufstellungsbeschluss und somit wurde es schwer, ohne Zustimmung der Gemeinden einen wirtschaftlichen Windpark zu erstellen.<\/p>\n<\/div><\/section><br \/>\n<div  class='hr av-h0d0i-8f7845ec4fa8ce32630f0dc4879882e3 hr-default  avia-builder-el-4  el_after_av_textblock  el_before_av_textblock '><span class='hr-inner '><span class=\"hr-inner-style\"><\/span><\/span><\/div><br \/>\n<section  class='av_textblock_section av-m4jod7s2-b2225bb013e187fb79a1f8b8167d184e '   itemscope=\"itemscope\" itemtype=\"https:\/\/schema.org\/CreativeWork\" ><div class='avia_textblock'  itemprop=\"text\" ><p>Am 25. Juni 2001 wurde eine Versammlung aller Landeigent\u00fcmer, direkten Anlieger der Windeignungsfl\u00e4chen und aller Gemeindevertreter der Gemeinden Ahrenvi\u00f6l und Ahrenvi\u00f6lfeld abgehalten. Ziel dieser Versammlung war es, den Gemeindevertretern ein Meinungsbild von den Eigent\u00fcmern und Anliegern zu geben, ob ein Windpark gew\u00fcnscht werde. Es ergab sich eine gro\u00dfe Mehrheit f\u00fcr einen Windpark. Nun galt es, seitens der Gemeinde, dieses Votum in die richtigen Bahnen zu lenken, denn auch die Gemeindevertretungen waren sich einig, dass ein echter B\u00fcrgerwindpark entstehen sollte.<\/p>\n<p>Anteile am B\u00fcrgerwindpark sollten nur vollj\u00e4hrige B\u00fcrger aus Ahrenvi\u00f6l und Ahrenvi\u00f6lfeld, ausw\u00e4rtige Landbesitzer von Windeignungsfl\u00e4chen und Planer und Gesch\u00e4ftsf\u00fchrer zeichnen k\u00f6nnen. Ein Anteil kostete 5000 Euro, und bis zu 500 Anteile konnten gezeichnen werden. Diese Informationen wurden in den Einwohnerversammlungen beider Gemeinden im Juli bekannt gegeben. Die zeichnungsberechtigten Personen konnten den Gemeinden bis zum 10. August 2001 schriftlich mitteilen wie viele Anteile sie haben m\u00f6chten.<\/p>\n<p>Am 20. August 2001 war dann die Gr\u00fcndungsversammlung in Ahrenvi\u00f6l. Es wurde bekannt gegeben, dass 360 Anteile gezeichnet waren, 128 von B\u00fcrgern aus Ahrenvi\u00f6l und 232 von B\u00fcrgern aus Ahrenvi\u00f6lfeld. Somit standen 1.800.000 Euro als Eigenmittel zur Finanzierung des B\u00fcrgerwindparks zur Verf\u00fcgung.<\/p>\n<p>Auf dieser Gr\u00fcndungsversammlung wurden die Gesch\u00e4ftsf\u00fchrer Melf S\u00f6th aus Ahrenvi\u00f6l gew\u00e4hlt. Als Planer w\u00e4hlte man Eugen Siefert aus Behrendorf, der sp\u00e4ter dann als zweiter Gesch\u00e4ftsf\u00fchrer fungierte. Gleichzeitig w\u00e4hlte man sieben Personen als Beirat: Christian Petersen, Wolfgang Wohlert, Frank Petersen S\u00fcderweg, Oke Wesemann, Broder Paulsen, Jens Peter Hansen und Frank Petersen Hauptstrasse.<\/p>\n<\/div><\/section><br \/>\n<div  class='hr av-9fbje-8fc0a23a6e82202653caa6ac1b2d6e70 hr-default  avia-builder-el-6  el_after_av_textblock  el_before_av_textblock '><span class='hr-inner '><span class=\"hr-inner-style\"><\/span><\/span><\/div><br \/>\n<section  class='av_textblock_section av-m4jobyov-10d19b2542dc2491d7f11d61d2ca3725 '   itemscope=\"itemscope\" itemtype=\"https:\/\/schema.org\/CreativeWork\" ><div class='avia_textblock'  itemprop=\"text\" ><p>Auf der ersten Beiratsitzung wurden dann Christian Petersen zum Beiratsvorsitzenden und Broder Paulsen zu seinem Vertreter gew\u00e4hlt. Es wurde zwischen der Windparkgesellschaft, den Landbesitzern und den Gemeinden ein Vertrag geschlossen, der die Gemeinden j\u00e4hrlich an den Einspeiseverg\u00fctungen beteiligt. Damit war seitens der Gemeinden der Grundstein f\u00fcr einen B\u00fcrgerwindpark gelegt. Im Juli 2002 lagen die Einspeisezusage der Stromgesellschaft Schleswag und die Baugenehmigung des Kreises vor.<\/p>\n<p>Es wurde beschlossen, auf dem rund 58 Hektar gro\u00dfen Windeignungsgebiet sechs -Nordex \u2013 Windm\u00fchlen N 80- mit einer Nennleistung von 2,5 Megawatt, also insgesamt 15 Megawatt aufzustellen. Diese Anlagen haben eine Gesamth\u00f6he von 100 Metern, wobei die Fl\u00fcgell\u00e4nge 40 Meter betr\u00e4gt. Zu der Zeit waren das die leistungsst\u00e4rksten Serienwindkraftanlagen auf dem Markt. Der Strom\u00fcbergabepunkt an die Schleswag sollte im Umspannwerk Rosendahl erfolgen. Die Investition von 12.500.000 Euro war die h\u00f6chste Summe, die je in Ahrenvi\u00f6lfeld get\u00e4tigt worden ist.<\/p>\n<p>Am 23. Juli 2002 wurde mit dem Bau der Anlage begonnen und am 20. Dezember 2002 die letzte Windkraftanlage in Betrieb genommen. W\u00e4hrend dieser Zeit mussten drei Mittelspannungskabel und ein Hohlrohr von Ahrenvi\u00f6lfeld nach Rosendahl verlegt werden. Au\u00dferdem wurde der Windpark mit einer Mittelspannungs-, einer Telefon- und Lichtwellenringleitung verkabelt. Insgesamt verlegte man 57.000 Meter Mittelspannungskabel, 20.000 Meter Hohlrohr, 8.000 Meter Telefonleitung und 20.000 Meter Lichtwellenleitung in die Erde.<\/p>\n<p>Um die Anlagen an Ort und Stelle zu transportieren und in Zukunft auch Reparaturarbeiten durchf\u00fchren zu k\u00f6nnen, wurde das Gel\u00e4nde f\u00fcr den Schwerlastverkehr erschlossen. Allein durch den Fl\u00fcgeltransport erreichte ein Fahrzeug eine Gesamtl\u00e4nge von \u00fcber 52 Meter. Eine komplette Gondel hatte ein Gewicht von rund 94 Tonnen.<\/p>\n<p>Es wurden fast zwei Kilometer Wege zur Anlage aus umweltfreundlichem Recyclingmaterial erstellt. Da der Baugrund nicht bei allen Standorten gleich gut geeignet war, musste an einem Fundament beispielsweise der Baugrund bis in einer Tiefe von sieben Metern ausgetauscht werden. Nur f\u00fcr diesen Bodenaustausch mussten mehr als 350 Sattelzugladungen F\u00fcllkies herangefahren werden. Am 16. Mai 2003 wurde ein Festzelt bei der M\u00fchle 6 aufgestellt und ein gro\u00dfes M\u00fchlenfest gefeiert. Eingeladen waren alle am Bau beteiligten Personen und alle vollj\u00e4hrigen Einwohner von Ahrenvi\u00f6l und Ahrenvi\u00f6lfeld. An dem Tag konnte jeder die Anlagen besteigen und die sch\u00f6ne Aussicht aus 60 Meter H\u00f6he genie\u00dfen.<\/p>\n<p>Wir w\u00fcnschen den M\u00fchlenbesitzern allzeit guten Wind und einen guten Ertrag aus den Anlagen.<\/p>\n<\/div><\/section><\/p><\/div>\n<div  class='flex_column av-acl2i-e3f6fc05fa8839873cfa2d5aa8af1c82 av_one_fourth  avia-builder-el-8  el_after_av_three_fourth  avia-builder-el-last  flex_column_div  '     ><p>\n<style type=\"text\/css\" data-created_by=\"avia_inline_auto\" id=\"style-css-av-m4io80ug-b5fe5cd83823846c102ad435e0ef8822\">\n.avia-image-container.av-m4io80ug-b5fe5cd83823846c102ad435e0ef8822 img.avia_image{\nbox-shadow:none;\n}\n.avia-image-container.av-m4io80ug-b5fe5cd83823846c102ad435e0ef8822 .av-image-caption-overlay-center{\ncolor:#ffffff;\n}\n<\/style>\n<div  class='avia-image-container av-m4io80ug-b5fe5cd83823846c102ad435e0ef8822 av-styling- avia-align-center  avia-builder-el-9  el_before_av_textblock  avia-builder-el-first '   itemprop=\"image\" itemscope=\"itemscope\" itemtype=\"https:\/\/schema.org\/ImageObject\" ><div class=\"avia-image-container-inner\"><div class=\"avia-image-overlay-wrap\"><img decoding=\"async\" fetchpriority=\"high\" class='wp-image-344 avia-img-lazy-loading-not-344 avia_image ' src=\"https:\/\/ahrenvioelfeld.de\/wordpress\/wp-content\/uploads\/2024\/12\/image003-1-300x189.jpg\" alt='' title='image003'  height=\"189\" width=\"300\"  itemprop=\"thumbnailUrl\" srcset=\"https:\/\/ahrenvioelfeld.de\/wordpress\/wp-content\/uploads\/2024\/12\/image003-1-300x189.jpg 300w, https:\/\/ahrenvioelfeld.de\/wordpress\/wp-content\/uploads\/2024\/12\/image003-1-1030x648.jpg 1030w, https:\/\/ahrenvioelfeld.de\/wordpress\/wp-content\/uploads\/2024\/12\/image003-1-768x483.jpg 768w, https:\/\/ahrenvioelfeld.de\/wordpress\/wp-content\/uploads\/2024\/12\/image003-1-705x444.jpg 705w, https:\/\/ahrenvioelfeld.de\/wordpress\/wp-content\/uploads\/2024\/12\/image003-1.jpg 1057w\" sizes=\"(max-width: 300px) 100vw, 300px\" \/><\/div><\/div><\/div><br \/>\n<section  class='av_textblock_section av-m4jo6atz-06e135f8cca78ff4750dc1b01db8b584 '   itemscope=\"itemscope\" itemtype=\"https:\/\/schema.org\/CreativeWork\" ><div class='avia_textblock'  itemprop=\"text\" ><p>Die Baggerarbeiten beginnen<\/p>\n<\/div><\/section><br \/>\n\n<style type=\"text\/css\" data-created_by=\"avia_inline_auto\" id=\"style-css-av-m4io8b21-dc890e2922fea8cadacb8dbfd6a7fa97\">\n.avia-image-container.av-m4io8b21-dc890e2922fea8cadacb8dbfd6a7fa97 img.avia_image{\nbox-shadow:none;\n}\n.avia-image-container.av-m4io8b21-dc890e2922fea8cadacb8dbfd6a7fa97 .av-image-caption-overlay-center{\ncolor:#ffffff;\n}\n<\/style>\n<div  class='avia-image-container av-m4io8b21-dc890e2922fea8cadacb8dbfd6a7fa97 av-styling- avia-align-center  avia-builder-el-11  el_after_av_textblock  el_before_av_textblock '   itemprop=\"image\" itemscope=\"itemscope\" itemtype=\"https:\/\/schema.org\/ImageObject\" ><div class=\"avia-image-container-inner\"><div class=\"avia-image-overlay-wrap\"><img decoding=\"async\" fetchpriority=\"high\" class='wp-image-339 avia-img-lazy-loading-not-339 avia_image ' src=\"https:\/\/ahrenvioelfeld.de\/wordpress\/wp-content\/uploads\/2024\/12\/Im001881-300x225.jpg\" alt='' title='Im001881'  height=\"225\" width=\"300\"  itemprop=\"thumbnailUrl\" srcset=\"https:\/\/ahrenvioelfeld.de\/wordpress\/wp-content\/uploads\/2024\/12\/Im001881-300x225.jpg 300w, https:\/\/ahrenvioelfeld.de\/wordpress\/wp-content\/uploads\/2024\/12\/Im001881-768x576.jpg 768w, https:\/\/ahrenvioelfeld.de\/wordpress\/wp-content\/uploads\/2024\/12\/Im001881-705x529.jpg 705w, https:\/\/ahrenvioelfeld.de\/wordpress\/wp-content\/uploads\/2024\/12\/Im001881.jpg 800w\" sizes=\"(max-width: 300px) 100vw, 300px\" \/><\/div><\/div><\/div><br \/>\n<section  class='av_textblock_section av-m4jo6sx6-2a1036c43e4acac5f4127c1ad61fcbfd '   itemscope=\"itemscope\" itemtype=\"https:\/\/schema.org\/CreativeWork\" ><div class='avia_textblock'  itemprop=\"text\" ><p>Anbau eines Fl\u00fcgels<\/p>\n<\/div><\/section><br \/>\n\n<style type=\"text\/css\" data-created_by=\"avia_inline_auto\" id=\"style-css-av-m4io8mi8-9ac61ac982d00507ab3633978d208915\">\n.avia-image-container.av-m4io8mi8-9ac61ac982d00507ab3633978d208915 img.avia_image{\nbox-shadow:none;\n}\n.avia-image-container.av-m4io8mi8-9ac61ac982d00507ab3633978d208915 .av-image-caption-overlay-center{\ncolor:#ffffff;\n}\n<\/style>\n<div  class='avia-image-container av-m4io8mi8-9ac61ac982d00507ab3633978d208915 av-styling- avia-align-center  avia-builder-el-13  el_after_av_textblock  el_before_av_textblock '   itemprop=\"image\" itemscope=\"itemscope\" itemtype=\"https:\/\/schema.org\/ImageObject\" ><div class=\"avia-image-container-inner\"><div class=\"avia-image-overlay-wrap\"><img decoding=\"async\" fetchpriority=\"high\" class='wp-image-340 avia-img-lazy-loading-not-340 avia_image ' src=\"https:\/\/ahrenvioelfeld.de\/wordpress\/wp-content\/uploads\/2024\/12\/Im001882-300x225.jpg\" alt='' title='Im001882'  height=\"225\" width=\"300\"  itemprop=\"thumbnailUrl\" srcset=\"https:\/\/ahrenvioelfeld.de\/wordpress\/wp-content\/uploads\/2024\/12\/Im001882-300x225.jpg 300w, https:\/\/ahrenvioelfeld.de\/wordpress\/wp-content\/uploads\/2024\/12\/Im001882-768x576.jpg 768w, https:\/\/ahrenvioelfeld.de\/wordpress\/wp-content\/uploads\/2024\/12\/Im001882-705x529.jpg 705w, https:\/\/ahrenvioelfeld.de\/wordpress\/wp-content\/uploads\/2024\/12\/Im001882.jpg 800w\" sizes=\"(max-width: 300px) 100vw, 300px\" \/><\/div><\/div><\/div><br \/>\n<section  class='av_textblock_section av-m4jo7e4d-f8b53cce3cdad11bed193a829c0cf306 '   itemscope=\"itemscope\" itemtype=\"https:\/\/schema.org\/CreativeWork\" ><div class='avia_textblock'  itemprop=\"text\" ><p>Abladen eines Fl\u00fcgels<\/p>\n<\/div><\/section><br \/>\n\n<style type=\"text\/css\" data-created_by=\"avia_inline_auto\" id=\"style-css-av-m4io8vi3-bf4c25d19d76de50808d6fa784768fa3\">\n.avia-image-container.av-m4io8vi3-bf4c25d19d76de50808d6fa784768fa3 img.avia_image{\nbox-shadow:none;\n}\n.avia-image-container.av-m4io8vi3-bf4c25d19d76de50808d6fa784768fa3 .av-image-caption-overlay-center{\ncolor:#ffffff;\n}\n<\/style>\n<div  class='avia-image-container av-m4io8vi3-bf4c25d19d76de50808d6fa784768fa3 av-styling- avia-align-center  avia-builder-el-15  el_after_av_textblock  el_before_av_textblock '   itemprop=\"image\" itemscope=\"itemscope\" itemtype=\"https:\/\/schema.org\/ImageObject\" ><div class=\"avia-image-container-inner\"><div class=\"avia-image-overlay-wrap\"><img decoding=\"async\" fetchpriority=\"high\" class='wp-image-343 avia-img-lazy-loading-not-343 avia_image ' src=\"https:\/\/ahrenvioelfeld.de\/wordpress\/wp-content\/uploads\/2024\/12\/image001-214x300.jpg\" alt='' title='image001'  height=\"300\" width=\"214\"  itemprop=\"thumbnailUrl\" srcset=\"https:\/\/ahrenvioelfeld.de\/wordpress\/wp-content\/uploads\/2024\/12\/image001-214x300.jpg 214w, https:\/\/ahrenvioelfeld.de\/wordpress\/wp-content\/uploads\/2024\/12\/image001-502x705.jpg 502w, https:\/\/ahrenvioelfeld.de\/wordpress\/wp-content\/uploads\/2024\/12\/image001.jpg 677w\" sizes=\"(max-width: 214px) 100vw, 214px\" \/><\/div><\/div><\/div><br \/>\n<section  class='av_textblock_section av-m4jo899t-ab9f589ca3f6a6966cfbc04c6652acb9 '   itemscope=\"itemscope\" itemtype=\"https:\/\/schema.org\/CreativeWork\" ><div class='avia_textblock'  itemprop=\"text\" ><p>Anbau der Fl\u00fcgel an die Gondel<\/p>\n<\/div><\/section><br \/>\n\n<style type=\"text\/css\" data-created_by=\"avia_inline_auto\" id=\"style-css-av-m4io945f-6886985362cf8b323193fc7feb481155\">\n.avia-image-container.av-m4io945f-6886985362cf8b323193fc7feb481155 img.avia_image{\nbox-shadow:none;\n}\n.avia-image-container.av-m4io945f-6886985362cf8b323193fc7feb481155 .av-image-caption-overlay-center{\ncolor:#ffffff;\n}\n<\/style>\n<div  class='avia-image-container av-m4io945f-6886985362cf8b323193fc7feb481155 av-styling- avia-align-center  avia-builder-el-17  el_after_av_textblock  el_before_av_textblock '   itemprop=\"image\" itemscope=\"itemscope\" itemtype=\"https:\/\/schema.org\/ImageObject\" ><div class=\"avia-image-container-inner\"><div class=\"avia-image-overlay-wrap\"><img decoding=\"async\" fetchpriority=\"high\" class='wp-image-342 avia-img-lazy-loading-not-342 avia_image ' src=\"https:\/\/ahrenvioelfeld.de\/wordpress\/wp-content\/uploads\/2024\/12\/Im001950-300x225.jpg\" alt='' title='Im001950'  height=\"225\" width=\"300\"  itemprop=\"thumbnailUrl\" srcset=\"https:\/\/ahrenvioelfeld.de\/wordpress\/wp-content\/uploads\/2024\/12\/Im001950-300x225.jpg 300w, https:\/\/ahrenvioelfeld.de\/wordpress\/wp-content\/uploads\/2024\/12\/Im001950-768x576.jpg 768w, https:\/\/ahrenvioelfeld.de\/wordpress\/wp-content\/uploads\/2024\/12\/Im001950-705x529.jpg 705w, https:\/\/ahrenvioelfeld.de\/wordpress\/wp-content\/uploads\/2024\/12\/Im001950.jpg 800w\" sizes=\"(max-width: 300px) 100vw, 300px\" \/><\/div><\/div><\/div><br \/>\n<section  class='av_textblock_section av-m4jo93im-94dc3441688e08c33eca96819a28bbe4 '   itemscope=\"itemscope\" itemtype=\"https:\/\/schema.org\/CreativeWork\" ><div class='avia_textblock'  itemprop=\"text\" ><p>Eine fertige Windm\u00fchle, fehlt nur noch der Wind<\/p>\n<\/div><\/section><br \/>\n\n<style type=\"text\/css\" data-created_by=\"avia_inline_auto\" id=\"style-css-av-m4io9cjd-6b4c96166976460aa9a3f93896b7bc1b\">\n.avia-image-container.av-m4io9cjd-6b4c96166976460aa9a3f93896b7bc1b img.avia_image{\nbox-shadow:none;\n}\n.avia-image-container.av-m4io9cjd-6b4c96166976460aa9a3f93896b7bc1b .av-image-caption-overlay-center{\ncolor:#ffffff;\n}\n<\/style>\n<div  class='avia-image-container av-m4io9cjd-6b4c96166976460aa9a3f93896b7bc1b av-styling- avia-align-center  avia-builder-el-19  el_after_av_textblock  el_before_av_textblock '   itemprop=\"image\" itemscope=\"itemscope\" itemtype=\"https:\/\/schema.org\/ImageObject\" ><div class=\"avia-image-container-inner\"><div class=\"avia-image-overlay-wrap\"><img decoding=\"async\" fetchpriority=\"high\" class='wp-image-341 avia-img-lazy-loading-not-341 avia_image ' src=\"https:\/\/ahrenvioelfeld.de\/wordpress\/wp-content\/uploads\/2024\/12\/Im001935-300x225.jpg\" alt='' title='Im001935'  height=\"225\" width=\"300\"  itemprop=\"thumbnailUrl\" srcset=\"https:\/\/ahrenvioelfeld.de\/wordpress\/wp-content\/uploads\/2024\/12\/Im001935-300x225.jpg 300w, https:\/\/ahrenvioelfeld.de\/wordpress\/wp-content\/uploads\/2024\/12\/Im001935-768x576.jpg 768w, https:\/\/ahrenvioelfeld.de\/wordpress\/wp-content\/uploads\/2024\/12\/Im001935-705x529.jpg 705w, https:\/\/ahrenvioelfeld.de\/wordpress\/wp-content\/uploads\/2024\/12\/Im001935.jpg 800w\" sizes=\"(max-width: 300px) 100vw, 300px\" \/><\/div><\/div><\/div><br \/>\n<section  class='av_textblock_section av-m4jo9le2-3f82241d9df86cfa5466e2893ee0ae6c '   itemscope=\"itemscope\" itemtype=\"https:\/\/schema.org\/CreativeWork\" ><div class='avia_textblock'  itemprop=\"text\" ><p>Der Windpark von oben<\/p>\n<\/div><\/section><\/p><\/div>\n","protected":false},"excerpt":{"rendered":"","protected":false},"author":1,"featured_media":0,"parent":0,"menu_order":0,"comment_status":"closed","ping_status":"closed","template":"","meta":{"footnotes":""},"class_list":["post-338","page","type-page","status-publish","hentry"],"_links":{"self":[{"href":"https:\/\/ahrenvioelfeld.de\/wordpress\/wp-json\/wp\/v2\/pages\/338","targetHints":{"allow":["GET"]}}],"collection":[{"href":"https:\/\/ahrenvioelfeld.de\/wordpress\/wp-json\/wp\/v2\/pages"}],"about":[{"href":"https:\/\/ahrenvioelfeld.de\/wordpress\/wp-json\/wp\/v2\/types\/page"}],"author":[{"embeddable":true,"href":"https:\/\/ahrenvioelfeld.de\/wordpress\/wp-json\/wp\/v2\/users\/1"}],"replies":[{"embeddable":true,"href":"https:\/\/ahrenvioelfeld.de\/wordpress\/wp-json\/wp\/v2\/comments?post=338"}],"version-history":[{"count":14,"href":"https:\/\/ahrenvioelfeld.de\/wordpress\/wp-json\/wp\/v2\/pages\/338\/revisions"}],"predecessor-version":[{"id":821,"href":"https:\/\/ahrenvioelfeld.de\/wordpress\/wp-json\/wp\/v2\/pages\/338\/revisions\/821"}],"wp:attachment":[{"href":"https:\/\/ahrenvioelfeld.de\/wordpress\/wp-json\/wp\/v2\/media?parent=338"}],"curies":[{"name":"wp","href":"https:\/\/api.w.org\/{rel}","templated":true}]}}