{"id":309,"date":"2024-12-11T15:34:39","date_gmt":"2024-12-11T14:34:39","guid":{"rendered":"https:\/\/web382.andrea.webhoster.ag\/wordpress\/?page_id=309"},"modified":"2024-12-18T14:47:56","modified_gmt":"2024-12-18T13:47:56","slug":"der-ententeich","status":"publish","type":"page","link":"https:\/\/ahrenvioelfeld.de\/wordpress\/der-ententeich\/","title":{"rendered":"Der Ententeich"},"content":{"rendered":"\n<style type=\"text\/css\" data-created_by=\"avia_inline_auto\" id=\"style-css-av-m4jzz0wv-b9d828df697eedbdb32fdaa72f7a1f70\">\n#top .av-special-heading.av-m4jzz0wv-b9d828df697eedbdb32fdaa72f7a1f70{\npadding-bottom:10px;\n}\nbody .av-special-heading.av-m4jzz0wv-b9d828df697eedbdb32fdaa72f7a1f70 .av-special-heading-tag .heading-char{\nfont-size:25px;\n}\n.av-special-heading.av-m4jzz0wv-b9d828df697eedbdb32fdaa72f7a1f70 .av-subheading{\nfont-size:15px;\n}\n<\/style>\n<div  class='av-special-heading av-m4jzz0wv-b9d828df697eedbdb32fdaa72f7a1f70 av-special-heading-h3  avia-builder-el-0  el_before_av_one_fourth  avia-builder-el-first '><h3 class='av-special-heading-tag '  itemprop=\"headline\"  >Der Ententeich<\/h3><div class=\"special-heading-border\"><div class=\"special-heading-inner-border\"><\/div><\/div><\/div>\n<div  class='flex_column av-7o5lh-23d151c6312b4dfeaf5ad53a998478cb av_one_fourth  avia-builder-el-1  el_after_av_heading  el_before_av_three_fourth  first flex_column_div  '     ><p>\n<style type=\"text\/css\" data-created_by=\"avia_inline_auto\" id=\"style-css-av-m4inqhch-2a3f6c8cdc611e41b58bf9aec338d548\">\n.avia-image-container.av-m4inqhch-2a3f6c8cdc611e41b58bf9aec338d548 img.avia_image{\nbox-shadow:none;\n}\n.avia-image-container.av-m4inqhch-2a3f6c8cdc611e41b58bf9aec338d548 .av-image-caption-overlay-center{\ncolor:#ffffff;\n}\n<\/style>\n<div  class='avia-image-container av-m4inqhch-2a3f6c8cdc611e41b58bf9aec338d548 av-styling- avia-align-center  avia-builder-el-2  el_before_av_textblock  avia-builder-el-first '   itemprop=\"image\" itemscope=\"itemscope\" itemtype=\"https:\/\/schema.org\/ImageObject\" ><div class=\"avia-image-container-inner\"><div class=\"avia-image-overlay-wrap\"><img decoding=\"async\" fetchpriority=\"high\" class='wp-image-319 avia-img-lazy-loading-not-319 avia_image ' src=\"https:\/\/ahrenvioelfeld.de\/wordpress\/wp-content\/uploads\/2024\/12\/image009-300x179.jpg\" alt='' title='image009'  height=\"179\" width=\"300\"  itemprop=\"thumbnailUrl\" srcset=\"https:\/\/ahrenvioelfeld.de\/wordpress\/wp-content\/uploads\/2024\/12\/image009-300x179.jpg 300w, https:\/\/ahrenvioelfeld.de\/wordpress\/wp-content\/uploads\/2024\/12\/image009-1030x613.jpg 1030w, https:\/\/ahrenvioelfeld.de\/wordpress\/wp-content\/uploads\/2024\/12\/image009-768x457.jpg 768w, https:\/\/ahrenvioelfeld.de\/wordpress\/wp-content\/uploads\/2024\/12\/image009-705x420.jpg 705w, https:\/\/ahrenvioelfeld.de\/wordpress\/wp-content\/uploads\/2024\/12\/image009.jpg 1117w\" sizes=\"(max-width: 300px) 100vw, 300px\" \/><\/div><\/div><\/div><br \/>\n<section  class='av_textblock_section av-m4jnxsx5-3285c1b721306870b1389d25bd111390 '   itemscope=\"itemscope\" itemtype=\"https:\/\/schema.org\/CreativeWork\" ><div class='avia_textblock'  itemprop=\"text\" ><p>Die neue H\u00fctte am Ententeich<\/p>\n<\/div><\/section><br \/>\n\n<style type=\"text\/css\" data-created_by=\"avia_inline_auto\" id=\"style-css-av-m4inqxkg-772fb7bf9fce847601411ce137133f11\">\n.avia-image-container.av-m4inqxkg-772fb7bf9fce847601411ce137133f11 img.avia_image{\nbox-shadow:none;\n}\n.avia-image-container.av-m4inqxkg-772fb7bf9fce847601411ce137133f11 .av-image-caption-overlay-center{\ncolor:#ffffff;\n}\n<\/style>\n<div  class='avia-image-container av-m4inqxkg-772fb7bf9fce847601411ce137133f11 av-styling- avia-align-center  avia-builder-el-4  el_after_av_textblock  el_before_av_textblock '   itemprop=\"image\" itemscope=\"itemscope\" itemtype=\"https:\/\/schema.org\/ImageObject\" ><div class=\"avia-image-container-inner\"><div class=\"avia-image-overlay-wrap\"><img decoding=\"async\" fetchpriority=\"high\" class='wp-image-318 avia-img-lazy-loading-not-318 avia_image ' src=\"https:\/\/ahrenvioelfeld.de\/wordpress\/wp-content\/uploads\/2024\/12\/image007-300x241.jpg\" alt='' title='image007'  height=\"241\" width=\"300\"  itemprop=\"thumbnailUrl\" srcset=\"https:\/\/ahrenvioelfeld.de\/wordpress\/wp-content\/uploads\/2024\/12\/image007-300x241.jpg 300w, https:\/\/ahrenvioelfeld.de\/wordpress\/wp-content\/uploads\/2024\/12\/image007-768x616.jpg 768w, https:\/\/ahrenvioelfeld.de\/wordpress\/wp-content\/uploads\/2024\/12\/image007-495x400.jpg 495w, https:\/\/ahrenvioelfeld.de\/wordpress\/wp-content\/uploads\/2024\/12\/image007-705x565.jpg 705w, https:\/\/ahrenvioelfeld.de\/wordpress\/wp-content\/uploads\/2024\/12\/image007.jpg 787w\" sizes=\"(max-width: 300px) 100vw, 300px\" \/><\/div><\/div><\/div><br \/>\n<section  class='av_textblock_section av-m4jnzvgp-b5b4aee1001570070b9d530fcebd8d14 '   itemscope=\"itemscope\" itemtype=\"https:\/\/schema.org\/CreativeWork\" ><div class='avia_textblock'  itemprop=\"text\" ><p>Jubil\u00e4um 1999<\/p>\n<p>v.l.: Erich Petersen, Horst Ketelsen, Manfred Ude, Christian Petersen (B\u00fcrgermeister)<\/p>\n<\/div><\/section><br \/>\n\n<style type=\"text\/css\" data-created_by=\"avia_inline_auto\" id=\"style-css-av-m4inral3-065d0f1d2b23241890fb1d7e8964cfc9\">\n.avia-image-container.av-m4inral3-065d0f1d2b23241890fb1d7e8964cfc9 img.avia_image{\nbox-shadow:none;\n}\n.avia-image-container.av-m4inral3-065d0f1d2b23241890fb1d7e8964cfc9 .av-image-caption-overlay-center{\ncolor:#ffffff;\n}\n<\/style>\n<div  class='avia-image-container av-m4inral3-065d0f1d2b23241890fb1d7e8964cfc9 av-styling- avia-align-center  avia-builder-el-6  el_after_av_textblock  el_before_av_textblock '   itemprop=\"image\" itemscope=\"itemscope\" itemtype=\"https:\/\/schema.org\/ImageObject\" ><div class=\"avia-image-container-inner\"><div class=\"avia-image-overlay-wrap\"><img decoding=\"async\" fetchpriority=\"high\" class='wp-image-317 avia-img-lazy-loading-not-317 avia_image ' src=\"https:\/\/ahrenvioelfeld.de\/wordpress\/wp-content\/uploads\/2024\/12\/image003-300x189.jpg\" alt='' title='image003'  height=\"189\" width=\"300\"  itemprop=\"thumbnailUrl\" srcset=\"https:\/\/ahrenvioelfeld.de\/wordpress\/wp-content\/uploads\/2024\/12\/image003-300x189.jpg 300w, https:\/\/ahrenvioelfeld.de\/wordpress\/wp-content\/uploads\/2024\/12\/image003-768x483.jpg 768w, https:\/\/ahrenvioelfeld.de\/wordpress\/wp-content\/uploads\/2024\/12\/image003-705x444.jpg 705w, https:\/\/ahrenvioelfeld.de\/wordpress\/wp-content\/uploads\/2024\/12\/image003.jpg 990w\" sizes=\"(max-width: 300px) 100vw, 300px\" \/><\/div><\/div><\/div><br \/>\n<section  class='av_textblock_section av-m4jo0lev-d99e8352e22046d2dbfc805d08d91cc1 '   itemscope=\"itemscope\" itemtype=\"https:\/\/schema.org\/CreativeWork\" ><div class='avia_textblock'  itemprop=\"text\" ><p>Arbeiten mit einer alten G\u00fcllepumpe<\/p>\n<\/div><\/section><br \/>\n\n<style type=\"text\/css\" data-created_by=\"avia_inline_auto\" id=\"style-css-av-m4inrr1s-3635ebb1538e0c21c61d72ada2461d65\">\n.avia-image-container.av-m4inrr1s-3635ebb1538e0c21c61d72ada2461d65 img.avia_image{\nbox-shadow:none;\n}\n.avia-image-container.av-m4inrr1s-3635ebb1538e0c21c61d72ada2461d65 .av-image-caption-overlay-center{\ncolor:#ffffff;\n}\n<\/style>\n<div  class='avia-image-container av-m4inrr1s-3635ebb1538e0c21c61d72ada2461d65 av-styling- avia-align-center  avia-builder-el-8  el_after_av_textblock  el_before_av_textblock '   itemprop=\"image\" itemscope=\"itemscope\" itemtype=\"https:\/\/schema.org\/ImageObject\" ><div class=\"avia-image-container-inner\"><div class=\"avia-image-overlay-wrap\"><img decoding=\"async\" fetchpriority=\"high\" class='wp-image-310 avia-img-lazy-loading-not-310 avia_image ' src=\"https:\/\/ahrenvioelfeld.de\/wordpress\/wp-content\/uploads\/2024\/12\/DSC01495-300x199.jpg\" alt='' title='DSC01495'  height=\"199\" width=\"300\"  itemprop=\"thumbnailUrl\" srcset=\"https:\/\/ahrenvioelfeld.de\/wordpress\/wp-content\/uploads\/2024\/12\/DSC01495-300x199.jpg 300w, https:\/\/ahrenvioelfeld.de\/wordpress\/wp-content\/uploads\/2024\/12\/DSC01495-1030x684.jpg 1030w, https:\/\/ahrenvioelfeld.de\/wordpress\/wp-content\/uploads\/2024\/12\/DSC01495-768x510.jpg 768w, https:\/\/ahrenvioelfeld.de\/wordpress\/wp-content\/uploads\/2024\/12\/DSC01495-1536x1020.jpg 1536w, https:\/\/ahrenvioelfeld.de\/wordpress\/wp-content\/uploads\/2024\/12\/DSC01495-1500x996.jpg 1500w, https:\/\/ahrenvioelfeld.de\/wordpress\/wp-content\/uploads\/2024\/12\/DSC01495-705x468.jpg 705w, https:\/\/ahrenvioelfeld.de\/wordpress\/wp-content\/uploads\/2024\/12\/DSC01495.jpg 1920w\" sizes=\"(max-width: 300px) 100vw, 300px\" \/><\/div><\/div><\/div><br \/>\n<section  class='av_textblock_section av-m4jo1da0-d0d30d7ffa95f46bc8c35a2307895006 '   itemscope=\"itemscope\" itemtype=\"https:\/\/schema.org\/CreativeWork\" ><div class='avia_textblock'  itemprop=\"text\" ><p>Nachwuchs am Ententeich<\/p>\n<\/div><\/section><br \/>\n\n<style type=\"text\/css\" data-created_by=\"avia_inline_auto\" id=\"style-css-av-m4ins4d5-85e4863624b972c4d2745e4aef13c0ed\">\n.avia-image-container.av-m4ins4d5-85e4863624b972c4d2745e4aef13c0ed img.avia_image{\nbox-shadow:none;\n}\n.avia-image-container.av-m4ins4d5-85e4863624b972c4d2745e4aef13c0ed .av-image-caption-overlay-center{\ncolor:#ffffff;\n}\n<\/style>\n<div  class='avia-image-container av-m4ins4d5-85e4863624b972c4d2745e4aef13c0ed av-styling- avia-align-center  avia-builder-el-10  el_after_av_textblock  el_before_av_textblock '   itemprop=\"image\" itemscope=\"itemscope\" itemtype=\"https:\/\/schema.org\/ImageObject\" ><div class=\"avia-image-container-inner\"><div class=\"avia-image-overlay-wrap\"><img decoding=\"async\" fetchpriority=\"high\" class='wp-image-313 avia-img-lazy-loading-not-313 avia_image ' src=\"https:\/\/ahrenvioelfeld.de\/wordpress\/wp-content\/uploads\/2024\/12\/image005-300x200.jpg\" alt='' title='image005'  height=\"200\" width=\"300\"  itemprop=\"thumbnailUrl\" srcset=\"https:\/\/ahrenvioelfeld.de\/wordpress\/wp-content\/uploads\/2024\/12\/image005-300x200.jpg 300w, https:\/\/ahrenvioelfeld.de\/wordpress\/wp-content\/uploads\/2024\/12\/image005-768x512.jpg 768w, https:\/\/ahrenvioelfeld.de\/wordpress\/wp-content\/uploads\/2024\/12\/image005-705x470.jpg 705w, https:\/\/ahrenvioelfeld.de\/wordpress\/wp-content\/uploads\/2024\/12\/image005.jpg 922w\" sizes=\"(max-width: 300px) 100vw, 300px\" \/><\/div><\/div><\/div><br \/>\n<section  class='av_textblock_section av-m4jo1uyt-01beb721228810990b6cd6fe466746b5 '   itemscope=\"itemscope\" itemtype=\"https:\/\/schema.org\/CreativeWork\" ><div class='avia_textblock'  itemprop=\"text\" ><p>Ordenlicher Fischbestand im Teich<\/p>\n<\/div><\/section><\/p><\/div>\n<div  class='flex_column av-e8mpp-0250c310ff5581a9ef7c1030ea42e9d6 av_three_fourth  avia-builder-el-12  el_after_av_one_fourth  avia-builder-el-last  flex_column_div  '     ><p><section  class='av_textblock_section av-m4inla42-4517fa902d64c96353bbddedf5962769 '   itemscope=\"itemscope\" itemtype=\"https:\/\/schema.org\/CreativeWork\" ><div class='avia_textblock'  itemprop=\"text\" ><p>Die Wasserkuhlen rund um das Ehrenmal sind ehemalige Mergell\u00f6cher, die bei der Urbarmachung der Heidel\u00e4ndereien ausgemergelt wurden und Eigentum der Gemeinde sind. Da es tiefe, klare Wasserl\u00f6cher sind, hatte man sie schon Ende der 30er-Jahre als Karpfenteiche an Thomas Hansen, Bahn und Johannes Jensen zur Karpfenzucht verpachtet. Zu dieser Zeit wurden von dem G\u00e4rtner Petersen aus Westerholz, Buchen, Birken und Erlen auf den Inseln gepflanzt. W\u00e4hrend und nach dem Krieg verschlammten diese L\u00f6cher allm\u00e4hlich und wuchsen zu.<\/p>\n<p>1974 wurde auf Anregung von Horst Ketelsen, Manfred Ude, Fritz Hegemann, Erich Petersen und Gerhard Pleger, mit Unterst\u00fctzung der Gemeinde, eine Interessengemeinschaft gegr\u00fcndet, die das Ziel hatte, die Wasserl\u00f6cher zu reinigen und wieder gro\u00dfe Teiche herzustellen. Diese Initiative stie\u00df auf ein positives Echo, mit der Folge, dass sich viele freiwillige Helfer zur Verf\u00fcgung stellten und in den folgenden Jahren die L\u00f6cher entkuschelten und entschlammten. Ein Baggereinsatz war nur sehr begrenzt m\u00f6glich, so dass die meiste Arbeit mit Saugpumpen und Schubkarren vorgenommen werden musste. Auch die B\u00f6schungen mussten befestigt werden. Der ganze Teich wurde neu eingez\u00e4unt und ein Wanderweg wurde angelegt. 1976 wurde eine Holzh\u00fctte aufgestellt, die vorher als Schie\u00dfstand im Garten der \u00bbFelsenburg\u00ab gedient hatte.<\/p>\n<p>1993 wurde die B\u00f6schung der Westseite der Ehrenmalinsel mit einem Flies und Sammelsteinen ausgelegt und 1994 ein Teil auf der Ostseite ebenso befestigt.<\/p>\n<\/div><\/section><br \/>\n<div  class='hr av-burnx-3dc2541da0699b20c228df0c60fa69ed hr-default  avia-builder-el-14  el_after_av_textblock  el_before_av_textblock '><span class='hr-inner '><span class=\"hr-inner-style\"><\/span><\/span><\/div><br \/>\n<section  class='av_textblock_section av-m4jo3hkp-e8e9305de4f7ede2ac3c12f3940bfe56 '   itemscope=\"itemscope\" itemtype=\"https:\/\/schema.org\/CreativeWork\" ><div class='avia_textblock'  itemprop=\"text\" ><p>Danach kam mit den Ziegen, Schw\u00e4nen, G\u00e4nse, Enten und den Fischen Leben in die Anlage. Heute findet haupts\u00e4chlich die Entenaufzucht mit den verschiedensten bunten Zierenten und nat\u00fcrlich den Stockenten und etwas Fischzucht statt. Als \u00bbRasenm\u00e4her\u00ab dient ein Pony.<\/p>\n<p>Bis zu dem 25-j\u00e4hrigen Jubil\u00e4um, das 1999 gefeiert wurde und zu dem ein Jubil\u00e4umsstein eingeweiht wurde, haben Manfred Ude und Horst Ketelsen die Pflege und Betreuung der Anlage und der Enten vorbildlich gemacht, dann h\u00f6rte Manfred Ude leider auf und Horst Ketelsen machte alleine weiter.<\/p>\n<p>Am 2. August 2002 hatten wir nach enormen Regeng\u00fcssen in den Teichen ein Hochwasser wie wir es noch nicht erlebt haben. Es goss \u00fcber Tag in Str\u00f6men, so dass die Rohrleitung unter der Stra\u00dfe westlich vom Ententeich die Wassermassen nicht mehr aufnehmen konnte. Durch den R\u00fcckstau kam das Wasser aus allen Gullydeckeln und ergoss sich in den Ententeich und staute in der Koppel vor der Stra\u00dfe bis auf Fahrbahnh\u00f6he. Die H\u00fctte und der Wanderweg standen unter Wasser. Es sind dabei sogar ein Teil der Fische abhanden gekommen.<\/p>\n<p>Im Wasser befinden sich z.Z. viele Fische: Karpfen, Forellen, Schleie, Goldfische und Karauschen, und mittendrin steht das Ehrenmal als Gedenkst\u00e4tte. Die Gemeinde ist stolz auf diese Anlage und hat die bisher geleistete Arbeit unterst\u00fctzt und die Sachkosten \u00fcbernommen.<\/p>\n<p>Heute ist der Ententeich eine Attraktion f\u00fcr das Dorf und den Tourismus.<\/p>\n<\/div><\/section><\/p><\/div>\n","protected":false},"excerpt":{"rendered":"","protected":false},"author":1,"featured_media":0,"parent":0,"menu_order":0,"comment_status":"closed","ping_status":"closed","template":"","meta":{"footnotes":""},"class_list":["post-309","page","type-page","status-publish","hentry"],"_links":{"self":[{"href":"https:\/\/ahrenvioelfeld.de\/wordpress\/wp-json\/wp\/v2\/pages\/309","targetHints":{"allow":["GET"]}}],"collection":[{"href":"https:\/\/ahrenvioelfeld.de\/wordpress\/wp-json\/wp\/v2\/pages"}],"about":[{"href":"https:\/\/ahrenvioelfeld.de\/wordpress\/wp-json\/wp\/v2\/types\/page"}],"author":[{"embeddable":true,"href":"https:\/\/ahrenvioelfeld.de\/wordpress\/wp-json\/wp\/v2\/users\/1"}],"replies":[{"embeddable":true,"href":"https:\/\/ahrenvioelfeld.de\/wordpress\/wp-json\/wp\/v2\/comments?post=309"}],"version-history":[{"count":7,"href":"https:\/\/ahrenvioelfeld.de\/wordpress\/wp-json\/wp\/v2\/pages\/309\/revisions"}],"predecessor-version":[{"id":734,"href":"https:\/\/ahrenvioelfeld.de\/wordpress\/wp-json\/wp\/v2\/pages\/309\/revisions\/734"}],"wp:attachment":[{"href":"https:\/\/ahrenvioelfeld.de\/wordpress\/wp-json\/wp\/v2\/media?parent=309"}],"curies":[{"name":"wp","href":"https:\/\/api.w.org\/{rel}","templated":true}]}}